{"id":6367,"date":"2021-02-11T16:55:13","date_gmt":"2021-02-11T15:55:13","guid":{"rendered":"https:\/\/lacuruxa.org\/?page_id=6367"},"modified":"2026-01-08T11:37:57","modified_gmt":"2026-01-08T10:37:57","slug":"inicio","status":"publish","type":"page","link":"https:\/\/lacuruxa.org\/","title":{"rendered":"Inicio"},"content":{"rendered":"\n<h1 class=\"wp-block-heading has-text-align-center\"><mark style=\"background-color:rgba(0, 0, 0, 0)\" class=\"has-inline-color has-vivid-red-color\">Agrupaci\u00f3n deportiva La Curuxa<\/mark><\/h1>\n\n\n\n<div class=\"wp-block-columns are-vertically-aligned-top is-layout-flex wp-container-core-columns-is-layout-9d6595d7 wp-block-columns-is-layout-flex\">\n<div class=\"wp-block-column is-vertically-aligned-top is-layout-flow wp-block-column-is-layout-flow\">\n<p>La Agrupaci\u00f3n Deportiva La Curuxa, surge en el a\u00f1o 1987 en Gij\u00f3n, Asturias, aunando las inquietudes y los deseos de un peque\u00f1o grupo de personas que, semana tras semana, se pon\u00edan de acuerdo para realizar aquellas actividades deportivas y culturales que m\u00e1s les atra\u00edan. Fruto de aquella cooperaci\u00f3n, y movidos por un af\u00e1n de mejora, crearon una peque\u00f1a agrupaci\u00f3n que contaba, en sus inicios, \u00fanicamente con diecisiete socios.<\/p>\n<\/div>\n\n\n\n<div class=\"wp-block-column is-vertically-aligned-top is-layout-flow wp-block-column-is-layout-flow\">\n<p>Poco a poco y con el paso de los a\u00f1os, la Agrupaci\u00f3n Deportiva La Curuxa ha ido ampliando su oferta en actividades y el n\u00famero de socios y simpatizantes ha crecido hasta las doscientas personas. Actualmente, las actividades que se realizan van desde las rutas de monta\u00f1a uno de cada dos fines de semana, a la realizaci\u00f3n de rutas fuera de nuestra comunidad aut\u00f3noma, una vez al a\u00f1o, cursillos de muy diversa \u00edndole (escalada, seguridad en la monta\u00f1a, etc\u2026), belenes de cumbres, comidas sociales, mag\u00fcestos y un largo etc\u00e9tera.<\/p>\n<\/div>\n\n\n\n<div class=\"wp-block-column is-vertically-aligned-top is-layout-flow wp-block-column-is-layout-flow\">\n<p>Desde septiembre de 2001 contamos con este, nuestro dominio en Internet y a trav\u00e9s del que ofrecemos informaci\u00f3n completa de las actividades que realizamos y algunas de las \u00faltimas noticias de la Agrupaci\u00f3n.<\/p>\n<\/div>\n<\/div>\n\n\n\n<hr class=\"wp-block-separator has-text-color has-vivid-red-color has-css-opacity has-vivid-red-background-color has-background aligncenter is-style-wide\"\/>\n\n\n\n<h1 class=\"wp-block-heading has-text-align-center\"><mark style=\"background-color:rgba(0, 0, 0, 0)\" class=\"has-inline-color has-vivid-red-color\">Rutas<\/mark><\/h1>\n\n\n<div class=\"wp-block-image is-resized\">\n<figure class=\"aligncenter size-full\"><a href=\"https:\/\/lacuruxa.org\/index.php\/las-rutas-de-2026\/\"><img loading=\"lazy\" decoding=\"async\" width=\"707\" height=\"1000\" src=\"https:\/\/lacuruxa.org\/wp-content\/uploads\/2026\/01\/20260101.jpg\" alt=\"\" class=\"wp-image-14261\" style=\"width:auto;height:650px\" srcset=\"https:\/\/lacuruxa.org\/wp-content\/uploads\/2026\/01\/20260101.jpg 707w, https:\/\/lacuruxa.org\/wp-content\/uploads\/2026\/01\/20260101-212x300.jpg 212w\" sizes=\"auto, (max-width: 707px) 100vw, 707px\" \/><\/a><figcaption class=\"wp-element-caption\">Las rutas de este a\u00f1o<\/figcaption><\/figure>\n<\/div>\n\n\n<div class=\"wp-block-buttons is-horizontal is-content-justification-center is-layout-flex wp-container-core-buttons-is-layout-499968f5 wp-block-buttons-is-layout-flex\">\n<div class=\"wp-block-button is-style-fill\"><a class=\"wp-block-button__link has-vivid-red-background-color has-text-color has-background wp-element-button\" href=\"https:\/\/lacuruxa.org\/index.php\/rutas\/\" style=\"border-radius:10px;color:#fafafa\" target=\"_blank\" rel=\"noreferrer noopener\"><strong>P\u00e1gina con todas nuestras rutas, desde 2002<\/strong><\/a><\/div>\n<\/div>\n\n\n\n<hr class=\"wp-block-separator has-text-color has-vivid-red-color has-css-opacity has-vivid-red-background-color has-background is-style-wide\"\/>\n\n\n\n<h1 class=\"wp-block-heading has-text-align-center has-vivid-red-color has-text-color\">Patrocinadores<\/h1>\n\n\n\n<p><\/p>\n\n\n<div class=\"wp-block-image\">\n<figure class=\"aligncenter size-full\"><a href=\"https:\/\/gijon.es\" target=\"_blank\" rel=\"noopener\"><img loading=\"lazy\" decoding=\"async\" width=\"250\" height=\"83\" src=\"https:\/\/lacuruxa.org\/wp-content\/uploads\/2014\/11\/logo-gijon-rojo.png\" alt=\"gijon.es\" class=\"wp-image-2023\"\/><\/a><\/figure>\n<\/div>\n\n\n<hr class=\"wp-block-separator has-text-color has-vivid-red-color has-css-opacity has-vivid-red-background-color has-background is-style-wide\"\/>\n\n\n\n<h1 class=\"wp-block-heading has-text-align-center has-vivid-red-color has-text-color\">Noticias<\/h1>\n\n\n\n<p><\/p>\n\n\n<ul class=\"wp-block-latest-posts__list is-grid columns-2 has-dates aligncenter wp-block-latest-posts\"><li><div class=\"wp-block-latest-posts__featured-image alignleft\"><a href=\"https:\/\/lacuruxa.org\/index.php\/2024\/12\/13\/presentacion-del-programa-de-actividades-de-2025\/\" aria-label=\"Presentaci\u00f3n del programa de actividades de 2025\"><img loading=\"lazy\" decoding=\"async\" width=\"150\" height=\"150\" src=\"https:\/\/lacuruxa.org\/wp-content\/uploads\/2024\/12\/20241213-presentacion-actividades-lacuruxa.org-2025-150x150.jpg\" class=\"attachment-thumbnail size-thumbnail wp-post-image\" alt=\"Presentaci\u00f3n del programa de actividades de La Curuxa para 2025\" style=\"max-width:150px;max-height:150px;\" srcset=\"https:\/\/lacuruxa.org\/wp-content\/uploads\/2024\/12\/20241213-presentacion-actividades-lacuruxa.org-2025-150x150.jpg 150w, https:\/\/lacuruxa.org\/wp-content\/uploads\/2024\/12\/20241213-presentacion-actividades-lacuruxa.org-2025-510x510.jpg 510w\" sizes=\"auto, (max-width: 150px) 100vw, 150px\" \/><\/a><\/div><a class=\"wp-block-latest-posts__post-title\" href=\"https:\/\/lacuruxa.org\/index.php\/2024\/12\/13\/presentacion-del-programa-de-actividades-de-2025\/\">Presentaci\u00f3n del programa de actividades de 2025<\/a><time datetime=\"2024-12-13T19:00:00+01:00\" class=\"wp-block-latest-posts__post-date\">13 de diciembre 2024<\/time><\/li>\n<li><div class=\"wp-block-latest-posts__featured-image alignleft\"><a href=\"https:\/\/lacuruxa.org\/index.php\/2017\/02\/18\/cambios-en-la-ruta-pico-piedra-hedrada-y-pico-la-barrera\/\" aria-label=\"Cambios en la ruta Pico Piedra Hedrada y Pico La Barrera\"><img loading=\"lazy\" decoding=\"async\" width=\"150\" height=\"150\" src=\"https:\/\/lacuruxa.org\/wp-content\/uploads\/2015\/11\/logo_lacuruxa.org_250px-150x150.png\" class=\"attachment-thumbnail size-thumbnail wp-post-image\" alt=\"\" style=\"max-width:150px;max-height:150px;\" srcset=\"https:\/\/lacuruxa.org\/wp-content\/uploads\/2015\/11\/logo_lacuruxa.org_250px-150x150.png 150w, https:\/\/lacuruxa.org\/wp-content\/uploads\/2015\/11\/logo_lacuruxa.org_250px.png 250w\" sizes=\"auto, (max-width: 150px) 100vw, 150px\" \/><\/a><\/div><a class=\"wp-block-latest-posts__post-title\" href=\"https:\/\/lacuruxa.org\/index.php\/2017\/02\/18\/cambios-en-la-ruta-pico-piedra-hedrada-y-pico-la-barrera\/\">Cambios en la ruta Pico Piedra Hedrada y Pico La Barrera<\/a><time datetime=\"2017-02-18T23:01:15+01:00\" class=\"wp-block-latest-posts__post-date\">18 de febrero 2017<\/time><\/li>\n<li><div class=\"wp-block-latest-posts__featured-image alignleft\"><a href=\"https:\/\/lacuruxa.org\/index.php\/2016\/06\/28\/se-adelanta-la-ruta-al-pico-la-padiona\/\" aria-label=\"Se adelanta la ruta al Pico La Padiona\"><img loading=\"lazy\" decoding=\"async\" width=\"150\" height=\"150\" src=\"https:\/\/lacuruxa.org\/wp-content\/uploads\/2015\/11\/logo_lacuruxa.org_250px-150x150.png\" class=\"attachment-thumbnail size-thumbnail wp-post-image\" alt=\"\" style=\"max-width:150px;max-height:150px;\" srcset=\"https:\/\/lacuruxa.org\/wp-content\/uploads\/2015\/11\/logo_lacuruxa.org_250px-150x150.png 150w, https:\/\/lacuruxa.org\/wp-content\/uploads\/2015\/11\/logo_lacuruxa.org_250px.png 250w\" sizes=\"auto, (max-width: 150px) 100vw, 150px\" \/><\/a><\/div><a class=\"wp-block-latest-posts__post-title\" href=\"https:\/\/lacuruxa.org\/index.php\/2016\/06\/28\/se-adelanta-la-ruta-al-pico-la-padiona\/\">Se adelanta la ruta al Pico La Padiona<\/a><time datetime=\"2016-06-28T17:26:09+02:00\" class=\"wp-block-latest-posts__post-date\">28 de junio 2016<\/time><\/li>\n<li><div class=\"wp-block-latest-posts__featured-image alignleft\"><a href=\"https:\/\/lacuruxa.org\/index.php\/2016\/04\/04\/dona-sangre-salva-vidas\/\" aria-label=\"Dona sangre, salva vidas\"><img loading=\"lazy\" decoding=\"async\" width=\"150\" height=\"150\" src=\"https:\/\/lacuruxa.org\/wp-content\/uploads\/2016\/04\/20160402-150x150.jpg\" class=\"attachment-thumbnail size-thumbnail wp-post-image\" alt=\"\" style=\"max-width:150px;max-height:150px;\" srcset=\"https:\/\/lacuruxa.org\/wp-content\/uploads\/2016\/04\/20160402-150x150.jpg 150w, https:\/\/lacuruxa.org\/wp-content\/uploads\/2016\/04\/20160402-250x250.jpg 250w, https:\/\/lacuruxa.org\/wp-content\/uploads\/2016\/04\/20160402-174x174.jpg 174w\" sizes=\"auto, (max-width: 150px) 100vw, 150px\" \/><\/a><\/div><a class=\"wp-block-latest-posts__post-title\" href=\"https:\/\/lacuruxa.org\/index.php\/2016\/04\/04\/dona-sangre-salva-vidas\/\">Dona sangre, salva vidas<\/a><time datetime=\"2016-04-04T18:11:20+02:00\" class=\"wp-block-latest-posts__post-date\">4 de abril 2016<\/time><\/li>\n<\/ul>\n\n\n<hr class=\"wp-block-separator has-text-color has-vivid-red-color has-css-opacity has-vivid-red-background-color has-background is-style-wide\"\/>\n\n\n\n<h1 class=\"wp-block-heading has-text-align-center has-vivid-red-color has-text-color\">Contacta con nosotros<\/h1>\n\n\n\n<div class=\"wp-block-columns is-layout-flex wp-container-core-columns-is-layout-9d6595d7 wp-block-columns-is-layout-flex\">\n<div class=\"wp-block-column is-layout-flow wp-block-column-is-layout-flow\"><\/div>\n\n\n\n<div class=\"wp-block-column is-layout-flow wp-block-column-is-layout-flow\">\n<div class=\"wpcf7 no-js\" id=\"wpcf7-f846-o1\" lang=\"en-US\" dir=\"ltr\" data-wpcf7-id=\"846\">\n<div class=\"screen-reader-response\"><p role=\"status\" aria-live=\"polite\" aria-atomic=\"true\"><\/p> <ul><\/ul><\/div>\n<form action=\"\/index.php\/wp-json\/wp\/v2\/pages\/6367#wpcf7-f846-o1\" method=\"post\" class=\"wpcf7-form init\" aria-label=\"Contact form\" novalidate=\"novalidate\" data-status=\"init\">\n<fieldset class=\"hidden-fields-container\"><input type=\"hidden\" name=\"_wpcf7\" value=\"846\" \/><input type=\"hidden\" name=\"_wpcf7_version\" value=\"6.1.5\" \/><input type=\"hidden\" name=\"_wpcf7_locale\" value=\"en_US\" \/><input type=\"hidden\" name=\"_wpcf7_unit_tag\" value=\"wpcf7-f846-o1\" \/><input type=\"hidden\" name=\"_wpcf7_container_post\" value=\"0\" \/><input type=\"hidden\" name=\"_wpcf7_posted_data_hash\" value=\"\" \/>\n<\/fieldset>\n<p><label> Tu nombre (requerido)<br \/>\n<span class=\"wpcf7-form-control-wrap\" data-name=\"your-name\"><input size=\"40\" maxlength=\"400\" class=\"wpcf7-form-control wpcf7-text wpcf7-validates-as-required\" aria-required=\"true\" aria-invalid=\"false\" value=\"\" type=\"text\" name=\"your-name\" \/><\/span> <\/label>\n<\/p>\n<p><label> Tu correo electr\u00f3nico (requerido)<br \/>\n<span class=\"wpcf7-form-control-wrap\" data-name=\"your-email\"><input size=\"40\" maxlength=\"400\" class=\"wpcf7-form-control wpcf7-email wpcf7-validates-as-required wpcf7-text wpcf7-validates-as-email\" aria-required=\"true\" aria-invalid=\"false\" value=\"\" type=\"email\" name=\"your-email\" \/><\/span> <\/label>\n<\/p>\n<p><label> Asunto<br \/>\n<span class=\"wpcf7-form-control-wrap\" data-name=\"your-subject\"><input size=\"40\" maxlength=\"400\" class=\"wpcf7-form-control wpcf7-text wpcf7-validates-as-required\" aria-required=\"true\" aria-invalid=\"false\" value=\"\" type=\"text\" name=\"your-subject\" \/><\/span> <\/label>\n<\/p>\n<p><label> Tu mensaje<br \/>\n<span class=\"wpcf7-form-control-wrap\" data-name=\"your-message\"><textarea cols=\"40\" rows=\"10\" maxlength=\"2000\" class=\"wpcf7-form-control wpcf7-textarea wpcf7-validates-as-required\" aria-required=\"true\" aria-invalid=\"false\" name=\"your-message\"><\/textarea><\/span> <\/label>\n<\/p>\n<p><span class=\"wpcf7-form-control-wrap\" data-name=\"aceptacion-formulario\"><span class=\"wpcf7-form-control wpcf7-acceptance\"><span class=\"wpcf7-list-item\"><label><input type=\"checkbox\" name=\"aceptacion-formulario\" value=\"1\" aria-invalid=\"false\" \/><span class=\"wpcf7-list-item-label\">Acepto la pol\u00edtica de privacidad<\/span><\/label><\/span><\/span><\/span>\n<\/p>\n<p>Introduce este c\u00f3digo: <input type=\"hidden\" name=\"_wpcf7_captcha_challenge_captcha-170\" value=\"3519140419\" \/><img loading=\"lazy\" decoding=\"async\" class=\"wpcf7-form-control wpcf7-captchac wpcf7-captcha-captcha-170\" width=\"72\" height=\"24\" alt=\"captcha\" src=\"https:\/\/lacuruxa.org\/wp-content\/uploads\/wpcf7_captcha\/3519140419.png\" \/><span class=\"wpcf7-form-control-wrap\" data-name=\"captcha-170\"><input size=\"4\" maxlength=\"4\" class=\"wpcf7-form-control wpcf7-captchar\" autocomplete=\"off\" aria-invalid=\"false\" value=\"\" type=\"text\" name=\"captcha-170\" \/><\/span>\n<\/p>\n<p><input class=\"wpcf7-form-control wpcf7-submit has-spinner\" type=\"submit\" value=\"Enviar\" \/>\n<\/p>\n<p><small><br \/>\n<b>Informaci\u00f3n b\u00e1sica sobre protecci\u00f3n de datos:<\/b><br \/>\n<b>Responsable:<\/b> Agrupaci\u00f3n Deportiva La Curuxa<br \/>\n<b>Finalidad:<\/b> Moderaci\u00f3n de comentarios<br \/>\n<b>Destinatarios:<\/b> No se ceder\u00e1n datos a terceros<br \/>\n<b>Derechos:<\/b> Tienes derecho de acceso, rectificaci\u00f3n y supresi\u00f3n<br \/>\n<\/small>\n<\/p><div class=\"wpcf7-response-output\" aria-hidden=\"true\"><\/div>\n<\/form>\n<\/div>\n\n<\/div>\n\n\n\n<div class=\"wp-block-column is-layout-flow wp-block-column-is-layout-flow\"><\/div>\n<\/div>\n","protected":false},"excerpt":{"rendered":"<p>Agrupaci\u00f3n deportiva La Curuxa La Agrupaci\u00f3n Deportiva La Curuxa, surge en el a\u00f1o 1987 en Gij\u00f3n, Asturias, aunando las inquietudes y los deseos de un peque\u00f1o grupo de personas que, semana tras semana, se pon\u00edan de acuerdo para realizar aquellas actividades deportivas y culturales que m\u00e1s les atra\u00edan. Fruto de aquella cooperaci\u00f3n, y movidos por [&hellip;]<\/p>\n","protected":false},"author":40,"featured_media":0,"parent":0,"menu_order":0,"comment_status":"closed","ping_status":"closed","template":"","meta":{"ngg_post_thumbnail":0,"footnotes":""},"class_list":["post-6367","page","type-page","status-publish","czr-hentry"],"_links":{"self":[{"href":"https:\/\/lacuruxa.org\/index.php\/wp-json\/wp\/v2\/pages\/6367","targetHints":{"allow":["GET"]}}],"collection":[{"href":"https:\/\/lacuruxa.org\/index.php\/wp-json\/wp\/v2\/pages"}],"about":[{"href":"https:\/\/lacuruxa.org\/index.php\/wp-json\/wp\/v2\/types\/page"}],"author":[{"embeddable":true,"href":"https:\/\/lacuruxa.org\/index.php\/wp-json\/wp\/v2\/users\/40"}],"replies":[{"embeddable":true,"href":"https:\/\/lacuruxa.org\/index.php\/wp-json\/wp\/v2\/comments?post=6367"}],"version-history":[{"count":44,"href":"https:\/\/lacuruxa.org\/index.php\/wp-json\/wp\/v2\/pages\/6367\/revisions"}],"predecessor-version":[{"id":14264,"href":"https:\/\/lacuruxa.org\/index.php\/wp-json\/wp\/v2\/pages\/6367\/revisions\/14264"}],"wp:attachment":[{"href":"https:\/\/lacuruxa.org\/index.php\/wp-json\/wp\/v2\/media?parent=6367"}],"curies":[{"name":"wp","href":"https:\/\/api.w.org\/{rel}","templated":true}]}}